{"id":4230,"date":"2025-08-27T15:26:37","date_gmt":"2025-08-27T19:26:37","guid":{"rendered":"https:\/\/omada.ca\/?post_type=repertoire&#038;p=4230"},"modified":"2026-03-31T11:37:19","modified_gmt":"2026-03-31T15:37:19","slug":"cloutier-lacerte-jules","status":"publish","type":"repertoire","link":"https:\/\/omada.ca\/en\/artists\/cloutier-lacerte-jules\/","title":{"rendered":"Cloutier Lacerte, Jules"},"content":{"rendered":"\r\n<p style=\"font-size: 28px;\">Television \/ Web Series<\/p>\r\n\r\n\r\n\r\n<div class=\"wp-block-spacer\" style=\"height: 20px;\" aria-hidden=\"true\">\u00a0<\/div>\r\n\r\n\r\n\r\n<p>2026 &#8211; <strong>AYER\u2019S CLIFF<\/strong> (TV Series) \u2013 7 x 15 min. <br \/>Rom\u00e9o &amp; fils \/ tou.tv &#8211; <em>Dir. \u00c9douard Gingras &amp; Zacharie Lareau<br \/><\/em><mark class=\"has-inline-color\" style=\"background-color: rgba(0, 0, 0, 0); color: #9c9d9e;\">Best Short Format Series, Festival Series Mania 2026<\/mark> \u00a0<\/p>\r\n\r\n\r\n\r\n<p>2025 &#8211; <strong>THE UNSTOPPABLE JENNY GARCIA <\/strong>\u2013 (TV Series) \u2013 7 x 12 min. <br \/><em>Appartment 11\/ Avineda\/CBC Gem<\/em> &#8211; Dir. <em>Genevi\u00e8ve Poulette<\/em><\/p>\r\n\r\n\r\n\r\n<p>2025 &#8211; <strong>PREMIER TRIO III <\/strong>\u2013 (TV Series) \u2013 26 x 21 min. <br \/>Avanti-Toast\/Radio Canada &#8211; Dir. <em>Philippe Grenier &amp; Sandra Coppola<\/em><\/p>\r\n\r\n\r\n\r\n<p>2022-2025 &#8211; <strong>COMME DES T\u00caTES PAS DE POULES I, II, III, IV<\/strong> \u2013 (TV Series) \u2013 80 x 22 min. <br \/>T\u00e9l\u00e9fiction\/ T\u00e9l\u00e9-Qu\u00e9bec &#8211; Dir. <em>Pierre Th\u00e9or\u00eat, Yann Tanguay, Sandra Coppola, Eza Paventi, Genevi\u00e8ve Poulette<\/em><\/p>\r\n\r\n\r\n\r\n<p>2024 &#8211; <strong>VIRAGE VERT: LES R\u00c8GLES DU JEU \u2013<\/strong> (TV Documentary) &#8211; Single episode <br \/>Casadel films \/Radio-Canada &#8211; Dir. <em>Am\u00e9lie Hardy<\/em><\/p>\r\n\r\n\r\n\r\n<p>2023 &#8211; <strong>LES COMPTINES DE MARYSE <\/strong>\u2013 (TV Capsules) &#8211; 20 x 5 min. <br \/>T\u00e9l\u00e9fiction\/T\u00e9l\u00e9-Qu\u00e9bec &#8211; Dir. <em>Genevi\u00e8ve Poulette<\/em><\/p>\r\n\r\n\r\n\r\n<p>2023 &#8211; <strong>LES OUBLIETTES<\/strong> \u2013 (TV Series) \u2013 6 x 12 min. <br \/>St-Laurent TV\/TV5 Unis &#8211; Dir. Bertrand Desrochers<\/p>\r\n\r\n\r\n\r\n<p>2020-2021 &#8211; <strong>LES MUTANTS<\/strong> \u2013 (TV Series) \u2013 95 x 24 min. <br \/>T\u00e9l\u00e9fiction\/T\u00e9l\u00e9-Qu\u00e9bec &#8211; Dir. <em>Pierre Th\u00e9or\u00eat, Yann Tanguay, St\u00e9phane Lapointe, Eza Paventi<\/em><\/p>\r\n\r\n\r\n\r\n<p>&nbsp;<\/p>\r\n\r\n\r\n<hr class=\"wp-block-separator has-alpha-channel-opacity\" \/>\r\n\r\n\r\n<p style=\"font-size: 28px;\">Features \/ Short Films<\/p>\r\n\r\n\r\n\r\n<div class=\"wp-block-spacer\" style=\"height: 20px;\" aria-hidden=\"true\">\u00a0<\/div>\r\n\r\n\r\n\r\n<p>2024 &#8211; <strong>JE T\u2019AIME, JE CROIS <\/strong><br \/><em>BB Prod.<\/em>\/<em>Cin\u00e9mania &#8211;<\/em> Dir. F\u00e9lix-Antoine B\u00e9nard<\/p>\r\n\r\n\r\n\r\n<p>2023 &#8211; <strong>AUJOURD\u2019HUI C\u2019EST DIMANCHE, DEMAIN ON MEURT<\/strong><br \/><em>Maxime Genois, Maria Gracia Turgeon\/Travelling<\/em> &#8211; Dir. Maxime Genois<br \/><mark class=\"has-inline-color\" style=\"background-color: rgba(0, 0, 0, 0); color: #98999a;\"><em>Festival du nouveau cin\u00e9ma<\/em><\/mark><\/p>\r\n\r\n\r\n\r\n<p>2020 &#8211; <strong>TRANCHE DE NUIT <\/strong><br \/><em>Dagio films &amp; Anthony Martino-Maurice\/Travelling<\/em> &#8211; Dir. Maxime Genois &amp; Romain F.-Dubois<br \/><mark class=\"has-inline-color\" style=\"background-color: rgba(0, 0, 0, 0); color: #909192;\"><em>Festival du cin\u00e9ma international en Abitibi-T\u00e9miscamingue<\/em><\/mark><\/p>\r\n\r\n\r\n\r\n<p>2019 &#8211; <strong>STILL UNTITLED<\/strong> <br \/><em>Maestro films &#8211; Caroline Galipeau\/Spira<\/em> &#8211; Dir. Genevi\u00e8ve Sauv\u00e9 \u00a0\u00a0\u00a0\u00a0\u00a0 \u00a0\u00a0\u00a0\u00a0\u00a0\u00a0\u00a0\u00a0\u00a0\u00a0\u00a0\u00a0\u00a0\u00a0\u00a0\u00a0\u00a0\u00a0\u00a0\u00a0\u00a0\u00a0\u00a0 <br \/><mark class=\"has-inline-color\" style=\"background-color: rgba(0, 0, 0, 0); color: #9a9d9f;\">Montr\u00e9al International Festival of Films on Art<\/mark><\/p>\r\n\r\n\r\n\r\n<p>2017 &#8211; <strong>LE CLOWN<\/strong> <br \/><em>Chantale\/Spira <\/em>&#8211; Dir. Maxime Genois<br \/><mark class=\"has-inline-color\" style=\"background-color: rgba(0, 0, 0, 0); color: #9c9d9e;\"><em>Talent tout court (Cannes)<\/em><\/mark><\/p>\r\n\r\n\r\n\r\n<p>&nbsp;<\/p>\r\n\r\n\r\n<hr class=\"wp-block-separator has-alpha-channel-opacity\" \/>\r\n\r\n\r\n<p style=\"font-size: 28px;\">Music Video \/ Publicity<\/p>\r\n\r\n\r\n\r\n<div class=\"wp-block-spacer\" style=\"height: 20px;\" aria-hidden=\"true\">\u00a0<\/div>\r\n\r\n\r\n\r\n<p>2023 &#8211; <strong>NUTELLA<\/strong> \u2013 (Campaign)<br \/>Publicis\/Consulat \u2013 Dir. <em>Jeanne Joly<\/em><\/p>\r\n\r\n\r\n\r\n<p>2022 &#8211; <strong>ELLE QU\u00c9BEC X ALESSE PR\u00c9SENTE \u201cGO GET IT\u201d (Dominique Fils-Aim\u00e9)<\/strong> \u2013 (Music Video) <br \/>KOmedia \u2013 Dir. <em>Jeanne Desrochers<\/em><\/p>\r\n\r\n\r\n\r\n<p>2021 &#8211; <strong>WILDER &amp; HARRIER<\/strong> \u2013 (Campaign) <br \/>Niveau2 \u2013 Dir. <em>Benjamin Bensoussan<\/em><\/p>\r\n\r\n\r\n\r\n<p>2021 &#8211; <strong>MATELAS ENDY<\/strong> \u2013 (Campaign) <br \/>Romeo\/Cloudraker \u2013 Dir. <em>Mathieu Renoult<\/em><\/p>\r\n\r\n\r\n\r\n<p>2021 &#8211; <strong>OPTO-R\u00c9SEAU<\/strong> \u2013 (Campaign)<br \/>Romeo\/K72 \u2013 Dir. <em>Mathieu Renoult<\/em><\/p>\r\n\r\n\r\n\r\n<p>2021 &#8211; <strong>VIEUX PORT &#8211; Tha\u00efs<\/strong> \u2013 (Music Video)<br \/>Consulat\/Bravo Musique \u2013 Dir<em>. Jeanne Joly<\/em><\/p>\r\n\r\n\r\n\r\n<p>2021 &#8211; <strong>QUAND JE SERAI GRANDE<\/strong> <strong>-Ariane Roy<\/strong> \u2013 (Music Video) <br \/>T\u00e9l\u00e9Scope\/La Maison Fauve \u2013 Dir. <em>Jeanne Joly<\/em><\/p>\r\n\r\n\r\n\r\n<p>2021 &#8211; <strong>LES SALADES DE L\u2019AMOUR &#8211; F\u00e9lix Dyotte <\/strong>\u2013 (Music Video)<br \/>Romeo\/Coyotes Records \u2013 Dir. <em>Bien \u00e0 vous<\/em><\/p>\r\n\r\n\r\n\r\n<p>2021 &#8211; <strong>SOUS LES RIVI\u00c8RES &#8211; Amay Laoni &amp; Marie Mai<\/strong> \u2013 (Music Video)<br \/>Consulat\/Oblik Records, Cartel Musik \u2013 Dir. <em>Bien \u00e0 vous<\/em><\/p>\r\n\r\n\r\n\r\n<p>2020 &#8211; <strong>DIFFICILE &#8211; Evelyne Brochu <\/strong>\u2013 (Music Video) <br \/>Sud Ouest\/Bravo Musique \u2013 Dir. <em>Bien \u00e0 vous<\/em><\/p>\r\n\r\n\r\n\r\n<p>2019 &#8211; <strong>MAINTENANT OU JAMAIS<\/strong> <strong>&#8211; Evelyne Brochu<\/strong> \u2013 (Music Video) <br \/>Collection Sp\u00e9ciale\/Bravo Musique \u2013 Dir. <em>Bien \u00e0 vous<\/em><\/p>\r\n\r\n\r\n\r\n<p>2019\u00a0&#8211; <strong>LE MONARQUE DES INDES<\/strong> <strong>&#8211; Pierre Lapointe <\/strong>\u2013 (Music Video) <br \/>Sud Ouest\/Audiogram \u2013 Dir. <em>Bien \u00e0 vous<\/em><\/p>\r\n\r\n\r\n\r\n<p>2018 &#8211; <strong>ALPHABET &#8211; Pierre Lapointe <\/strong>\u2013 (Music Video) <br \/>Guillaume Vasseur\/Audiogram \u2013 Dir. <em>Bien \u00e0 vous<\/em><\/p>\r\n\r\n\r\n\r\n<p>&nbsp;<\/p>\r\n","protected":false},"featured_media":4225,"menu_order":0,"template":"","format":"standard","meta":{"_acf_changed":false,"footnotes":""},"cat-repertoire":[28],"class_list":["post-4230","repertoire","type-repertoire","status-publish","format-standard","has-post-thumbnail","hentry","cat-repertoire-director-of-photography"],"acf":[],"_links":{"self":[{"href":"https:\/\/omada.ca\/en\/wp-json\/wp\/v2\/repertoire\/4230","targetHints":{"allow":["GET"]}}],"collection":[{"href":"https:\/\/omada.ca\/en\/wp-json\/wp\/v2\/repertoire"}],"about":[{"href":"https:\/\/omada.ca\/en\/wp-json\/wp\/v2\/types\/repertoire"}],"version-history":[{"count":11,"href":"https:\/\/omada.ca\/en\/wp-json\/wp\/v2\/repertoire\/4230\/revisions"}],"predecessor-version":[{"id":5304,"href":"https:\/\/omada.ca\/en\/wp-json\/wp\/v2\/repertoire\/4230\/revisions\/5304"}],"wp:featuredmedia":[{"embeddable":true,"href":"https:\/\/omada.ca\/en\/wp-json\/wp\/v2\/media\/4225"}],"wp:attachment":[{"href":"https:\/\/omada.ca\/en\/wp-json\/wp\/v2\/media?parent=4230"}],"wp:term":[{"taxonomy":"cat-repertoire","embeddable":true,"href":"https:\/\/omada.ca\/en\/wp-json\/wp\/v2\/cat-repertoire?post=4230"}],"curies":[{"name":"wp","href":"https:\/\/api.w.org\/{rel}","templated":true}]}}