{"id":2477,"date":"2024-12-06T16:48:31","date_gmt":"2024-12-06T21:48:31","guid":{"rendered":"https:\/\/omada.ca\/?post_type=repertoire&#038;p=2477"},"modified":"2025-04-01T16:37:25","modified_gmt":"2025-04-01T20:37:25","slug":"proulx-frederique","status":"publish","type":"repertoire","link":"https:\/\/omada.ca\/en\/artists\/proulx-frederique\/","title":{"rendered":"Proulx, Fr\u00e9d\u00e9rique"},"content":{"rendered":"\n<p style=\"font-size:28px\">In development&nbsp;&nbsp;&nbsp;&nbsp;&nbsp;&nbsp;&nbsp;&nbsp;&nbsp;&nbsp;&nbsp;<\/p>\n\n\n\n<p>2024 &#8211; <strong>UNE SOIF SANS FIN&nbsp;<\/strong>(Short film) \u2013 Screenwriter \u2013&nbsp;<em>La 115e<\/em><\/p>\n\n\n\n<p>2023<strong> &#8211; M\u00c9CANO<\/strong>&nbsp;(Short film) \u2013 Screenwriter \u2013&nbsp;<em>Leitmotiv<\/em>&nbsp;\u2013 Dir. Fr\u00e9d\u00e9rique Proulx<\/p>\n\n\n\n<p>2023 &#8211; <strong>COURANT&nbsp;<\/strong>(Feature film) \u2013 Screenwriter<\/p>\n\n\n\n<p><\/p>\n\n\n\n<hr class=\"wp-block-separator has-alpha-channel-opacity\"\/>\n\n\n\n<p style=\"font-size:28px\">Feature films<\/p>\n\n\n\n<p>2020 &#8211; <strong>IRV9<\/strong>&nbsp;(Feature film) \u2013 Screenwriter<\/p>\n\n\n\n<p class=\"has-text-color has-link-color has-small-font-size wp-elements-64e631b82a95ba88dd21e88548e49957\" style=\"color:#999999\">Demi-finalist, Stage 32\u2019s Fantasy &amp; Sci-Fi Screenwriting Contest 2020<\/p>\n\n\n\n<p>2020 &#8211; <strong>LIFT&nbsp;<\/strong>(Feature film) \u2013 Screenwriter \u2013&nbsp;<em>Production Daigle Entertainment<\/em><\/p>\n\n\n\n<p><\/p>\n\n\n\n<hr class=\"wp-block-separator has-alpha-channel-opacity\"\/>\n\n\n\n<p style=\"font-size:28px\">Short films<\/p>\n\n\n\n<p>2025<strong> &#8211; RESTE\u00a0<\/strong>(Short film) \u2013 Screenwriter \u2013 Dir. Fr\u00e9d\u00e9rique Proulx<\/p>\n\n\n\n<p>2016 &#8211; <strong>BUT\u00c9&nbsp;<\/strong>(Short film) \u2013 Screenwriter \u2013&nbsp;<em>Production Kino<\/em>&nbsp;\u2013 Dir. Fr\u00e9d\u00e9rique Proulx<\/p>\n\n\n\n<p>2015 &#8211; <strong>CLARA&nbsp;<\/strong>(Short film) \u2013 Screenwriter<br><em>Production INIS Fr\u00e9d\u00e9ric Bourgeois Leblanc<\/em>&nbsp;\u2013 Dir. Fran\u00e7is Papillon<\/p>\n\n\n\n<p class=\"has-text-color has-link-color has-small-font-size wp-elements-69f1395d6f760115bb41d71fadaa9c35\" style=\"color:#999999\">Recipient of the Cin\u00e9-Qu\u00e9bec Cinema Pioneers scholarship<br>Official selection, RVCQ 2016<br>Jury Prize of the Grenoble International Festival&nbsp;<br>International Student Film and video Festival of Beijing 2016<br>FilmSchoolFest Munich 2016<br>Longue vie sur le court 2015&nbsp;<br>Official Selection, Chalon tout court 2015<\/p>\n\n\n\n<p>2015 &#8211; <strong>S\u0152UR B\u00c9N\u00c9DICTE<\/strong>&nbsp;(Short film) \u2013 Screenwriter<br><em>Production Val\u00e9rie Mantha<\/em>&nbsp;\u2013 Dir. Virginia Tangvald<\/p>\n\n\n\n<p class=\"has-text-color has-link-color has-small-font-size wp-elements-330a5b54995dceead39bf9fd7fb135d8\" style=\"color:#999999\">Official Selection, Festival Fantasia 2016<br>Official Selection,&nbsp;Religion Today Film Festival<br>Official Selection,&nbsp;Longue vie sur le court 2015<\/p>\n\n\n\n<p>2014 &#8211; <strong>TRANSI<\/strong>&nbsp;(Short film) \u2013 Screenwriter<\/p>\n\n\n\n<p>2014 &#8211; <strong>SI J\u2019AVAIS LE POUVOIR<\/strong>&nbsp;(Short film) \u2013 Co-Screenwriter \u2013 Dir. David \u00c9mond-Ferrat<\/p>\n\n\n\n<p>2014 &#8211; <strong>S\u2019CUSE<\/strong>&nbsp;(Short film) \u2013 Screenwriter<\/p>\n\n\n\n<p class=\"has-text-color has-link-color has-small-font-size wp-elements-7db34e8f963f9a6be3058890d3086c82\" style=\"color:#999999\">Official Selection, Festival de film tr\u00e8s court de Paris 2014<\/p>\n\n\n\n<p>2013 &#8211; <strong>LE PIMENT<\/strong>&nbsp;(Short film) \u2013 Co-Screenwriter \u2013&nbsp;<em>Production Kino<\/em>&nbsp;\u2013 Dir. Patrick Aubert<\/p>\n\n\n\n<p class=\"has-text-color has-link-color has-small-font-size wp-elements-dde1a441d711718752dccb6426c5a405\" style=\"color:#999999\">Official Selection in 100 International Festivals between 2014 &#8211; 2017<\/p>\n\n\n\n<p>2013 &#8211; <strong>T\u2019AS TU\u00c9<\/strong>&nbsp;(Short film) &#8211; Screenwriter \u2013 Dir. C\u00e9dric Conti<\/p>\n\n\n\n<p class=\"has-text-color has-link-color has-small-font-size wp-elements-e1b788ab87d635b33579658d0951cf94\" style=\"color:#999999\">Official Selection, RVCQ 2013<\/p>\n\n\n\n<p>2013 &#8211; <strong>TARAMA KLIMT<\/strong>&nbsp;(Short film) \u2013 Screenwriter \u2013 Dir. C\u00e9dric Conti<\/p>\n\n\n\n<p>2013 &#8211; <strong>VICE &amp; VERSA<\/strong>&nbsp;(Short film) \u2013 Screenwriter \u2013 Dir. C\u00e9dric Conti<\/p>\n\n\n\n<p>2013 &#8211; <strong>CONTRETEMPS<\/strong>&nbsp;(Short film) \u2013 Screenwriter \u2013 Dir. C\u00e9dric Conti<\/p>\n\n\n\n<p class=\"has-text-color has-link-color has-small-font-size wp-elements-4f4a711f2a78856d8b672a8df3842c3e\" style=\"color:#999999\">Official Selection, RVCQ 2014<br>Official Selection, Festival Fantasia 2013<br>Official Selection, Films festival of Quebec City 2013<\/p>\n\n\n\n<p><\/p>\n","protected":false},"featured_media":2473,"menu_order":0,"template":"","format":"standard","meta":{"_acf_changed":false,"footnotes":""},"cat-repertoire":[27],"class_list":["post-2477","repertoire","type-repertoire","status-publish","format-standard","has-post-thumbnail","hentry","cat-repertoire-screenwriter"],"acf":[],"_links":{"self":[{"href":"https:\/\/omada.ca\/en\/wp-json\/wp\/v2\/repertoire\/2477","targetHints":{"allow":["GET"]}}],"collection":[{"href":"https:\/\/omada.ca\/en\/wp-json\/wp\/v2\/repertoire"}],"about":[{"href":"https:\/\/omada.ca\/en\/wp-json\/wp\/v2\/types\/repertoire"}],"version-history":[{"count":5,"href":"https:\/\/omada.ca\/en\/wp-json\/wp\/v2\/repertoire\/2477\/revisions"}],"predecessor-version":[{"id":3410,"href":"https:\/\/omada.ca\/en\/wp-json\/wp\/v2\/repertoire\/2477\/revisions\/3410"}],"wp:featuredmedia":[{"embeddable":true,"href":"https:\/\/omada.ca\/en\/wp-json\/wp\/v2\/media\/2473"}],"wp:attachment":[{"href":"https:\/\/omada.ca\/en\/wp-json\/wp\/v2\/media?parent=2477"}],"wp:term":[{"taxonomy":"cat-repertoire","embeddable":true,"href":"https:\/\/omada.ca\/en\/wp-json\/wp\/v2\/cat-repertoire?post=2477"}],"curies":[{"name":"wp","href":"https:\/\/api.w.org\/{rel}","templated":true}]}}