{"id":1340,"date":"2024-05-22T15:24:43","date_gmt":"2024-05-22T19:24:43","guid":{"rendered":"https:\/\/omada.ca\/repertoire\/valerie-heroux\/"},"modified":"2026-02-27T14:13:18","modified_gmt":"2026-02-27T19:13:18","slug":"valerie-heroux","status":"publish","type":"repertoire","link":"https:\/\/omada.ca\/en\/artists\/valerie-heroux\/","title":{"rendered":"H\u00e9roux, Val\u00e9rie"},"content":{"rendered":"\r\n<h2 class=\"wp-block-heading\">Television<\/h2>\r\n\r\n\r\n\r\n<div class=\"wp-block-spacer\" style=\"height: 20px;\" aria-hidden=\"true\">\u00a0<\/div>\r\n\r\n\r\n\r\n<p class=\"p1\"><span class=\"s1\">2025 &#8211; <\/span><b>L&#8217;APPEL<\/b> (Mini-series)<br \/>6 x 60 min. \u2013 <i>Aetios Production\/Illico+ <\/i>\u2013 Dir. Julie Perreault<\/p>\r\n<p>2025 &#8211; <strong>EMPRISES<\/strong>\u00a0(TV series in production)<br \/>10 x 60 min. \u2013 <em>Duo Productions\/ICI Tou.TV<\/em> \u2013 Dir. Yannick Savard<\/p>\r\n\r\n\r\n\r\n<p>2025-2024 &#8211; <strong>QUI A POUSS\u00c9 M\u00c9LODIE<\/strong>?\u00a0(TV series)<br \/>10 x 30 min. \u2013 <em>Trio Orange\/T\u00e9l\u00e9-Qu\u00e9bec<\/em> \u2013 Dir. Pascal L\u2019Heureux<\/p>\r\n\r\n\r\n\r\n<p class=\"has-text-color has-link-color wp-elements-ccc95dd09bf4bc8f2358a3df7ccc5678\" style=\"color: #999999; font-size: 15px;\">Nomination, best editing: Fiction, G\u00e9meaux Awards 2025<br \/>Festival Serie Mania, 2024<\/p>\r\n\r\n\r\n\r\n<p>2024 \u2013 <strong>LA COLLECTE<\/strong> (TV Series)<br \/>8 x 60 min. \u2013 <em>Groupe Fair-Play\/Illico+ <\/em>\u2013 Dir. Podz<\/p>\r\n\r\n\r\n\r\n<p>2024 &#8211; <strong>MARCO LACHANCE I<\/strong>\u00a0(TV Series)<br \/>12 x 22 min. \u2013 <em>Com\u00e9dieHa!\/Noovo<\/em> \u2013 Dir. Yannick Savard<\/p>\r\n\r\n\r\n\r\n<p>2023 &#8211; <strong>\u00c0 PROPOS D\u2019ANTOINE II<\/strong>\u00a0(TV Series)<br \/>10 x 30 min. \u2013 <em>Com\u00e9dieHa!\/Illico+<\/em> \u2013 Dir. Claude Desrosiers<\/p>\r\n\r\n\r\n\r\n<p>2023 \u2013 <strong>UNE AFFAIRE CRIMINELLE II <\/strong>(TV series)<br \/>4 x 60 min. \u2013<em> Sovimage\/Crave <\/em>\u2013 Dir. Pascal L\u2019Heureux<\/p>\r\n\r\n\r\n\r\n<p>2023 &#8211; <strong>LE BONHEUR III\u00a0<\/strong>(TV series)<br \/>12 x 30 min. \u2013\u00a0<em>Aetios\/TVA<\/em>\u00a0\u2013 Dir. Alain Desrochers<\/p>\r\n\r\n\r\n\r\n<p>2023 \u2013<strong> DANSE!<\/strong> (TV series)<br \/>6 x 30 min. \u2013<em> Groupe Fair-Play\/Illico+<\/em> \u2013 Dir. Patrice Ouimet<\/p>\r\n\r\n\r\n\r\n<p>2022 \u2013<strong> LE BONHEUR II<\/strong> (TV series)<br \/>12 x 30 min. \u2013<em> Aetios\/TVA<\/em> \u2013 Dir. Alain Desrochers<\/p>\r\n\r\n\r\n\r\n<p>2022 \u2013<strong> DERNIER RECOURS<\/strong> (TV series)<br \/>10 x 60 min. \u2013 <em>Aetios\/Club Illico<\/em> \u2013 Dir. Louis Choquette<\/p>\r\n\r\n\r\n\r\n<p>2022 \u2013<strong> STAT<\/strong> (TV series)<br \/><em>Aetios\/SRC\/Tou.TV<\/em> \u2013 Dir. Dani\u00e8le M\u00e9thot, Chantal Desruisseaux, Jean-Carl Boucher &amp; Jean-Marc Pich\u00e9<\/p>\r\n\r\n\r\n\r\n<p>2022 \u2013<strong> FRAGMENTS<\/strong> (TV series)<br \/>10 x 60 min. \u2013 <em>Amalga\/Tou.TV\/SRC <\/em>\u2013 Dir. Claude Desrosiers<\/p>\r\n\r\n\r\n\r\n<p>2022 \u2013<strong> LES YEUX FERM\u00c9S<\/strong> (TV series)<br \/>6 x 60 min. \u2013<em> Aetios\/Tou.TV<\/em> \u2013 Dir. Jeanne Leblanc<\/p>\r\n\r\n\r\n\r\n<p>2022 \u2013 <strong>DISTRICT 31 VI<\/strong> (TV series)<br \/><em>Aetios\/SRC\/Tou.TV <\/em>\u2013 Dir. Dani\u00e8le M\u00e9thot, St\u00e9phane Simard &amp; Guillaume Lemay-Thivierge<\/p>\r\n\r\n\r\n\r\n<p>2021 \u2013<strong> LE BONHEUR <\/strong>(TV series)<br \/>7 x 21 min. \u2013 <em>Aetios\/TVA<\/em> \u2013 Dir. Alain Desrochers<\/p>\r\n\r\n\r\n\r\n<p>2021 \u2013 <strong>SANS RENDEZ-VOUS<\/strong> (TV series)<br \/>10 x 22 min. \u2013 <em>Aetios\/Tou.TV<\/em> \u2013 Dir. Patrice Ouimet<\/p>\r\n\r\n\r\n\r\n<p>2021 \u2013 <strong>5e RANG IV<\/strong> (TV series)<br \/>6 x 43 min. \u2013 <em>Casablanca\/SRC\/TV5 Monde<\/em> \u2013 Dir. Jeanne Leblanc<\/p>\r\n\r\n\r\n\r\n<p>2021 \u2013 <strong>DOUTE RAISONNABLE<\/strong> (TV series)<br \/>10 x 43 min. \u2013 <em>Aetios\/SRC<\/em> \u2013 Dir. Claude Desrosiers<\/p>\r\n\r\n\r\n\r\n<p>2021 \u2013 <strong>DISTRICT 31 V<\/strong> (TV series)<br \/><em>District 31 V Inc.\/Aetios<\/em> \u2013 Dir. Dani\u00e8le M\u00e9thot, St\u00e9phane Simard &amp; Guillaume Lemay-Thivierge<\/p>\r\n\r\n\r\n\r\n<p>2020 \u2013 <strong>LES PAYS D\u2019EN HAUT VI<\/strong> (TV series)<br \/>6 x 43 min. \u2013<em> LBH Productions\/Sovimage\/Encore T\u00e9l\u00e9vision\/SRC\/Tou.TV<\/em> \u2013 Dir. Yan England<\/p>\r\n\r\n\r\n\r\n<p>2019 \u2013 <strong>LES PAYS D\u2019EN HAUT V <\/strong>(TV series)<br \/>3 x 43 min. \u2013<em> LBH Productions\/Sovimage\/Encore T\u00e9l\u00e9vision\/SRC\/Tou.TV<\/em> \u2013 Dir. Yan England<\/p>\r\n\r\n\r\n\r\n<p>2018 \u2013<strong> LES PAYS D\u2019EN HAUT IV<\/strong> (TV series)<br \/>5 x 43 min. \u2013<em> LBH Productions\/Sovimage\/Encore T\u00e9l\u00e9vision\/SRC\/Tou.TV<\/em> \u2013 Dir. Yan Lanouette Turgeon<\/p>\r\n\r\n\r\n\r\n<p>2018 \u2013 <strong>LE JEU<\/strong> (TV series)<br \/>10 x 44 min. \u2013<em> Amalga Cr\u00e9ations T\u00e9l\u00e9\/Qu\u00e9b\u00e9cor Contenu\/TVA<\/em> \u2013 Dir. Claude Desrosiers &amp; Anne De L\u00e9an<\/p>\r\n\r\n\r\n\r\n<p>2018 \u2013<strong> DEMAIN DES HOMMES<\/strong> (TV series)<br \/>2 x 44 min. \u2013<em> Melenny Productions\/SRC <\/em>\u2013 Dir. Yves Christian Fournier<\/p>\r\n\r\n\r\n\r\n<p>2018 \u2013<strong> BIG TOP ACADEMY<\/strong> (TV series)<br \/>2 x 30 min. \u2013 <em>Hailey Productions\/Discovery Channel<\/em> \u2013 Dir. Fran\u00e7ois Gingras<\/p>\r\n\r\n\r\n\r\n<p>2017 \u2013 <strong>B\u00c9LIVEAU<\/strong> (TV series)<br \/>5 x 60 min. \u2013 <em>Pixcom Productions\/Historia<\/em> \u2013 Dir. Fran\u00e7ois Gingras<\/p>\r\n\r\n\r\n\r\n<p class=\"has-text-color has-link-color has-small-font-size wp-elements-48e8450519dc0245d8e55b2cd3682e03\" style=\"color: #999999;\">Nomination, best editing: fiction, G\u00e9meaux Awards 2017<\/p>\r\n\r\n\r\n\r\n<p>2016 \u2013 <strong>PR\u00c9MONITIONS<\/strong> (TV series)<br \/>6 x 60 min. \u2013 <em>Encore T\u00e9l\u00e9vision\/AddikTV<\/em> \u2013 Dir. Charles-Olivier Michaud<\/p>\r\n\r\n\r\n\r\n<p>2016 \u2013 <strong>FATALE-STATION<\/strong> (TV series)<br \/>10 x 45 min. \u2013<em> Attraction Images\/Extra Ici Tou.Tv <\/em>\u2013 Dir. Rafa\u00ebl Ouellet<\/p>\r\n\r\n\r\n\r\n<p>2015 \u2013 <strong>LES PAYS D\u2019EN HAUT<\/strong> (TV series)<br \/>5 x 44 min. \u2013 <em>LBH Productions\/Sovimage\/Encore T\u00e9l\u00e9vision\/SRC\/Tou.TV<\/em> \u2013 Dir. Sylvain Archambault<\/p>\r\n\r\n\r\n\r\n<p>2015 \u2013 <strong>LES JEUNES LOUPS II<\/strong> (TV series)<br \/>10 x 43 min. \u2013<em> Attraction Images\/TVA<\/em> \u2013 Dir. Fran\u00e7ois Gingras<\/p>\r\n\r\n\r\n\r\n<p>2014 \u2013 <strong>19-2 III <\/strong>(TV series)<br \/>10 x 43 min. \u2013 <em>Sph\u00e8re M\u00e9dia\/SRC <\/em>\u2013 Dir. Podz<\/p>\r\n\r\n\r\n\r\n<p class=\"has-text-color has-link-color has-small-font-size wp-elements-e63dfddcf4628b43ec4acebc8ce1fcfa\" style=\"color: #999999;\">Best editing: fiction, G\u00e9meaux Awards 2015<\/p>\r\n\r\n\r\n\r\n<p>2013 \u2013 <strong>TRAUMA V <\/strong>(TV series)<br \/>12 x 45 min. \u2013 <em>Aetios Productions\/SRC<\/em> \u2013 Dir. Fran\u00e7ois Gingras<\/p>\r\n\r\n\r\n\r\n<p>2012 \u2013 <strong>19-2 II<\/strong> (TV series)<br \/>10 x 43 min. \u2013 <em>Sph\u00e8re M\u00e9dia\/SRC<\/em> \u2013 Dir. Podz<\/p>\r\n\r\n\r\n\r\n<p class=\"has-text-color has-link-color has-small-font-size wp-elements-0b2bc918870713938e393517c921b387\" style=\"color: #999999;\">Best editing: fiction, G\u00e9meaux Awards 2013<\/p>\r\n\r\n\r\n\r\n<p>2012 \u2013<strong> TU M\u2019AIMES-TU ? <\/strong>(TV series)<br \/>13 x 23 min. \u2013<em> Zone3\/SRC <\/em>\u2013 Dir. Podz<\/p>\r\n\r\n\r\n\r\n<p class=\"has-text-color has-link-color has-small-font-size wp-elements-85ab1e946eb5eed6573805f09605d676\" style=\"color: #999999;\">Nomination, best editing: fiction, G\u00e9meaux Awards 2013<\/p>\r\n\r\n\r\n\r\n<p>2010 \u2013 <strong>19-2 <\/strong>(TV series)<br \/>10 x 43 min. \u2013<em> Films Zingaro 2\/SRC <\/em>\u2013 Dir. Podz<\/p>\r\n\r\n\r\n\r\n<p class=\"has-text-color has-link-color has-small-font-size wp-elements-b846b13229a0ed4f8a62703723aa2ec3\" style=\"color: #999999;\">Best editing: drama, G\u00e9meaux Awards 2011<\/p>\r\n\r\n\r\n\r\n<p>2010 \u2013<strong> XANADU<\/strong> (TV series)<br \/>3 x 52 min. \u2013<em> Haut et Court\/Arte<\/em> \u2013 Dir. Podz<\/p>\r\n\r\n\r\n\r\n<p>2009-2006 \u2013<strong> C.A. I, II, III, IV <\/strong>(TV series)<br \/>52 x 22 min. \u2013<em> Novem\/SRC <\/em>\u2013 Dir. Podz &amp; Nicolas Monette<\/p>\r\n\r\n\r\n\r\n<p class=\"has-text-color has-link-color has-small-font-size wp-elements-32c5b6302b6fd1e23fab221d404f0515\" style=\"color: #999999;\">Nomination, best editing: drama, G\u00e9meaux Awards 2009<br \/>Nomination, best editing: drama, G\u00e9meaux Awards 2008<\/p>\r\n\r\n\r\n\r\n<p>2006-2004 \u2013<strong> MINUIT LE SOIR I, II, III <\/strong>(TV series)<br \/>39 x 23 min. \u2013 <em>Zone3\/SRC<\/em> \u2013 Dir. Podz<\/p>\r\n\r\n\r\n\r\n<p class=\"has-text-color has-link-color has-small-font-size wp-elements-ea88ac62ef521b35da646eff043df548\" style=\"color: #999999;\">Les Immortels, G\u00e9meaux Awards 2008<br \/>Best editing: drama, G\u00e9meaux Awards 2007<br \/>Best editing: drama, G\u00e9meaux Awards 2006<br \/>Best editing: drama, G\u00e9meaux Awards 2005<\/p>\r\n\r\n\r\n\r\n<p>2005 \u2013 <strong>AU NOM DE LA LOI<\/strong> (TV series)<br \/>12 x 50 min. \u2013 <em>Pixcom\/SRC<\/em> \u2013 Dir. Podz<\/p>\r\n\r\n\r\n\r\n<p class=\"has-text-color has-link-color has-small-font-size wp-elements-407b66d0ad5d632d269214313c8e4bfb\" style=\"color: #999999;\">Nomination, best editing: drama, G\u00e9meaux Awards 2006<\/p>\r\n\r\n\r\n\r\n<p>2005-2002 \u2013<strong> 3 X RIEN I, II, III<\/strong> (TV series)<br \/>47 x 23 min. \u2013<em> Avanti Cin\u00e9 Vid\u00e9o\/TQS<\/em> \u2013 Dir. Podz<\/p>\r\n\r\n\r\n\r\n<p class=\"has-text-color has-link-color has-small-font-size wp-elements-fbd623185856b51e2fc726e7eca9943c\" style=\"color: #999999;\">Nomination, best editing: drama, G\u00e9meaux Awards 2004<br \/>Nomination, best editing: drama, G\u00e9meaux Awards 2003<\/p>\r\n\r\n\r\n\r\n<p>2003-1999 \u2013 <strong>CATHERINE II toV<\/strong> (TV series)<br \/>73 x 26 min. \u2013 <em>Avanti Cin\u00e9 Vid\u00e9o\/SRC<\/em> \u2013 Dir. Philippe-Louis Martin<\/p>\r\n\r\n\r\n\r\n<p>2002-2001 \u2013<strong> GALIDOR, DEFENDERS OF THE OUTER DIMENSION <\/strong>(TV series)<br \/>12 x 30 min. \u2013 <em>Cin\u00e9groupe\/FOX\/ABC Family\/YTV<\/em> \u2013 Dir. Various<\/p>\r\n\r\n\r\n<hr class=\"wp-block-separator has-alpha-channel-opacity\" \/>\r\n\r\n\r\n<h2 class=\"wp-block-heading\">Feature films<\/h2>\r\n\r\n\r\n\r\n<div class=\"wp-block-spacer\" style=\"height: 20px;\" aria-hidden=\"true\">\u00a0<\/div>\r\n\r\n\r\n\r\n<p><span class=\"s1\">2025 &#8211; <\/span><b>CELESTINE <\/b>(<span class=\"s1\">Feature Film<\/span>)<br \/><i>SLYLID \u2013 <\/i>Dir. Suzanne Serres<\/p>\r\n<p>2023 &#8211; <strong>SNOW ANGEL\u00a0<\/strong>(Feature Film)<br \/><em>Grand Karma\/TVA Films \u2013\u00a0<\/em>Dir. Gabriel Allard<\/p>\r\n\r\n\r\n\r\n<p class=\"has-text-color has-link-color wp-elements-414ccf39cf1229c0d6980ed5d9378d09\" style=\"color: #999999; font-size: 13px;\">2023 &#8211; Swedish International Film Festival<\/p>\r\n\r\n\r\n\r\n<p>2019 \u2013<strong> MON CIRQUE \u00c0 MOI <\/strong>(Feature film)<br \/><em>Attraction Images\/Les Films S\u00e9ville<\/em> \u2013 Dir. Miryam Bouchard<\/p>\r\n\r\n\r\n\r\n<p class=\"has-text-color has-link-color wp-elements-5af6b64fa19d42698801876e771d6150\" style=\"color: #999999; font-size: 13px;\">2021 &#8211; SCHLiNGEL &#8211; International Film Festival for Children and Young Audience<\/p>\r\n\r\n\r\n\r\n<p>2019 \u2013 <strong>MAFIA INC. <\/strong>(Feature film)<br \/><em>Attraction Images\/Les Films S\u00e9ville <\/em>\u2013 Dir. Podz<\/p>\r\n\r\n\r\n\r\n<p class=\"has-text-color has-link-color wp-elements-15245091acbb97ca1fe9e5ef513a0aae\" style=\"color: #999999; font-size: 13px;\">2020 &#8211; Palm Springs International Film Festival<br \/>2019 &#8211; S\u00e3o Paulo International Film Festival<\/p>\r\n\r\n\r\n\r\n<p>2013 \u2013<strong> MIRACULUM<\/strong> (Feature film)<br \/><em>Item 7\/Alliance Vivafilm<\/em> \u2013 Dir. Podz<\/p>\r\n\r\n\r\n\r\n<p class=\"has-text-color has-link-color wp-elements-f8cd48651f9d103e97eb9f02f3827e23\" style=\"color: #999999; font-size: 13px;\">2014 &#8211; Shanghai International Film Festival<br \/>2014 &#8211; Possible Worlds Film Festival<br \/>2014 &#8211; Cinefest Sudbury International Film Festival<\/p>\r\n\r\n\r\n\r\n<p>2011 \u2013<strong> L\u2019AFFAIRE DUMONT <\/strong>(Feature film)<br \/><em>Go Films\/Alliance Vivafilm<\/em> \u2013 Dir. Podz<\/p>\r\n\r\n\r\n\r\n<p class=\"has-text-color has-link-color wp-elements-579f0cd957d34d6b0327aaecf9fd34cc\" style=\"color: #999999; font-size: 13px;\">2013 &#8211; Maine International Film Festival<br \/>2013 &#8211; Miami International Film Festival<br \/>2012 &#8211; Paris Semaine du Cin\u00e9ma du Qu\u00e9bec<br \/>2012 &#8211; Quebec City Film Festival<\/p>\r\n\r\n\r\n\r\n<p>2009 \u2013<strong> 10 1\u20442<\/strong> (Feature film)<br \/><em>Zoofilms\/Alliance Vivafilm<\/em> \u2013 Dir. Podz<\/p>\r\n\r\n\r\n\r\n<p class=\"has-text-color has-link-color has-small-font-size wp-elements-8fac2701a6ae2550716aeeb9068a3d9f\" style=\"color: #999999;\">Nomination, best editing, G\u00e9nie Awards 2011<br \/>2011 &#8211; Belgrade Film Festival<br \/>2010 &#8211; Paris Semaine du Cin\u00e9ma du Qu\u00e9bec<br \/>2010 &#8211; Mannheim-Heidelberg International Filmfestival<br \/>2010 &#8211; Festival du nouveau cinema \u2013 Montreal<\/p>\r\n\r\n\r\n\r\n<p>2008 \u2013 <strong>LES 7 JOURS DU TALION <\/strong>(Feature film)<br \/><em>Go Films\/Alliance Vivafilm <\/em>\u2013 Dir. Podz<\/p>\r\n\r\n\r\n\r\n<p class=\"has-text-color has-link-color has-small-font-size wp-elements-847761d614c4c39e9caf3f61d70ff462\" style=\"color: #999999;\">Nomination, best editing, Jutra Awards 2011<br \/>2010 &#8211; Sundance Film Festival<br \/>2010 &#8211; Cinequest Film Festival<br \/>2010 &#8211; Newport Beach International Film Festival<br \/>2010 &#8211; Brussels International Fantastic Film Festival<br \/>2010 &#8211; Puchon International Fantastic Film Festival<br \/>2010 &#8211; Paris Semaine du Cin\u00e9ma du Qu\u00e9bec<br \/>2010 &#8211; Warsaw Film Festival<\/p>\r\n\r\n\r\n<hr class=\"wp-block-separator has-alpha-channel-opacity\" \/>\r\n<p>\r\n\r\n<\/p>\r\n<h2 class=\"wp-block-heading\">Short films<\/h2>\r\n<p>\r\n\r\n<\/p>\r\n<div class=\"wp-block-spacer\" style=\"height: 20px;\" aria-hidden=\"true\">\u00a0<\/div>\r\n<p>\r\n\r\n<\/p>\r\n<p class=\"p2\">2026 &#8211; <b>THE BURNING TOUCH OF A COLD BLADE <\/b>(Short film in production)<br \/><i>Quirk Films\/Soupe du jour Productions \u2013 <\/i>Dir. Maude Michaud<\/p>\r\n","protected":false},"featured_media":3431,"menu_order":0,"template":"","format":"standard","meta":{"_acf_changed":false,"footnotes":""},"cat-repertoire":[23],"class_list":["post-1340","repertoire","type-repertoire","status-publish","format-standard","has-post-thumbnail","hentry","cat-repertoire-editing"],"acf":[],"_links":{"self":[{"href":"https:\/\/omada.ca\/en\/wp-json\/wp\/v2\/repertoire\/1340","targetHints":{"allow":["GET"]}}],"collection":[{"href":"https:\/\/omada.ca\/en\/wp-json\/wp\/v2\/repertoire"}],"about":[{"href":"https:\/\/omada.ca\/en\/wp-json\/wp\/v2\/types\/repertoire"}],"version-history":[{"count":31,"href":"https:\/\/omada.ca\/en\/wp-json\/wp\/v2\/repertoire\/1340\/revisions"}],"predecessor-version":[{"id":5028,"href":"https:\/\/omada.ca\/en\/wp-json\/wp\/v2\/repertoire\/1340\/revisions\/5028"}],"wp:featuredmedia":[{"embeddable":true,"href":"https:\/\/omada.ca\/en\/wp-json\/wp\/v2\/media\/3431"}],"wp:attachment":[{"href":"https:\/\/omada.ca\/en\/wp-json\/wp\/v2\/media?parent=1340"}],"wp:term":[{"taxonomy":"cat-repertoire","embeddable":true,"href":"https:\/\/omada.ca\/en\/wp-json\/wp\/v2\/cat-repertoire?post=1340"}],"curies":[{"name":"wp","href":"https:\/\/api.w.org\/{rel}","templated":true}]}}