{"id":1308,"date":"2024-05-22T12:00:44","date_gmt":"2024-05-22T16:00:44","guid":{"rendered":"https:\/\/omada.ca\/repertoire\/spg-simon-pierre-gingras\/"},"modified":"2026-03-13T15:26:23","modified_gmt":"2026-03-13T19:26:23","slug":"spg-simon-pierre-gingras","status":"publish","type":"repertoire","link":"https:\/\/omada.ca\/en\/artists\/spg-simon-pierre-gingras\/","title":{"rendered":"Gingras, Simon-Pierre (SPG), CSC"},"content":{"rendered":"\r\n<p>2025 &#8211; <strong>LOVE &amp; CHAOS<\/strong>\u00a0(Feature Film)<br \/><em>Kitchen Sink Productions\/ Media Sparks Entertainment\/ Svelte Dog Productions\/ Triad Film <\/em>Works \u2013 Dir. Drew Denny &#8211; Featuring Christine Taylor &amp; Lux Pascal<\/p>\r\n\r\n\r\n\r\n<p>2024 \u2013 <strong>VILLENEUVE : <strong>RISE OF A CHAMPION<\/strong>\u00a0<\/strong>(Feature film) <br \/>Partial Photography &#8211; <em>Christal Films\/Les Films Opale<\/em>\u00a0\u2013 Dir. Yan Lanouette-Turgeon<\/p>\r\n\r\n\r\n\r\n<p>2022 \u2013 <strong>C\u0152UR DE SLUSH<\/strong> (Feature film)<br \/><em>Christal Films<\/em> \u2013 Dir. Mariloup Wolfe<\/p>\r\n\r\n\r\n\r\n<p>2021 \u2013<strong> LA FAILLE III<\/strong> (TV Series)<br \/>8 x 60 min. \u2013<em> Pixcom\/Illico<\/em> \u2013 Dir. Daniel Roby<\/p>\r\n\r\n\r\n\r\n<p>2021 \u2013 <strong>PATRICK S\u00c9N\u00c9CAL PR\u00c9SENTE<\/strong> (TV Series)<br \/>3 episodes \u2013 <em>Zone3\/Illico<\/em> \u2013 Dir. St\u00e9phane Lapointe<\/p>\r\n\r\n\r\n\r\n<p>2021 \u2013<strong> L\u2019HOMME QUI AIMAIT TROP<\/strong> (Miniseries)<br \/>8 x 60 min. \u2013 <em>Duo Productions\/Crave\/BellM\u00e9dia<\/em> \u2013 Dir. Yves Christian Fournier<\/p>\r\n\r\n\r\n\r\n<p>2020 \u2013 <strong>THE CASE THAT HAUNTS ME<\/strong> (Documentary series)<br \/>6 episodes \u2013 <em>Investigation Discovery <\/em>\u2013 Dir. Various<\/p>\r\n\r\n\r\n\r\n<p>2020 \u2013 <strong>UN JOUR DE F\u00caTE<\/strong> (Short film)<br \/><em>Champ Libre Films<\/em> \u2013 Dir. Philippe Arsenault<\/p>\r\n\r\n\r\n\r\n<p>2019 \u2013 <strong>THE DETECTIVES III<\/strong> (TV Series)<br \/><em>WAM\/CBC<\/em> \u2013 Dir. Various<\/p>\r\n\r\n\r\n\r\n<p>2018 \u2013 <strong>UNE MANI\u00c8RE DE VIVRE<\/strong> (Feature film)<br \/><em>Lycaon Pictus\/L\u2019Atelier de distribution de films<\/em> \u2013 Dir. Micheline Lanct\u00f4t<\/p>\r\n\r\n\r\n\r\n<p>2017 \u2013 <strong>HUBERT ET FANNY<\/strong> (TV Series)<br \/>12 x 60 min. \u2013 <em>Sph\u00e8re M\u00e9dia Plus\/SRC<\/em> \u2013 Dir. Mariloup Wolfe &amp; Richard Blaimert<\/p>\r\n\r\n\r\n\r\n<p>2017 \u2013 <strong>GAME OF DEATH (G.O.D.) <\/strong>(Feature film)<br \/><em>Rockzeline\/La Gu\u00e9rilla\/Blackpills\/Sonofagode\/Canadaplay <\/em>\u2013 Dir. Baz &amp; Seb<\/p>\r\n\r\n\r\n\r\n<p class=\"has-text-color has-link-color has-small-font-size wp-elements-52540c78f4f45d560fe9ee85d3617c77\" style=\"color: #999999;\">World Premiere Midnighter, SXSW (Texas) 2017<br \/>Best international feature, Fantaspoa (Br\u00e9sil) 2017<br \/>Bronze, Canadian feature, Fantasia Film Festival 2017<\/p>\r\n\r\n\r\n\r\n<p>2017 \u2013 <strong>ENTRE LA MER ET L\u2019\u00c9CORCE<\/strong> (Short film)<br \/><em>Chasseurs Films <\/em>\u2013 Dir. Mathieu Cyr<\/p>\r\n\r\n\r\n\r\n<p class=\"has-text-color has-link-color has-small-font-size wp-elements-89604acc2e7a6859b30e84c3346be043\" style=\"color: #999999;\">Best cinematography, Black Sera Film Festival (Romania) 2017<br \/>Best cinematography, Fantasia Film Festival 2017<br \/>Best cinematography, Bucharest Short Film Festival 2017<\/p>\r\n\r\n\r\n\r\n<p>2017 \u2013 <strong>POLYVALENTE <\/strong>(Webseries)<br \/><em>La Gu\u00e9rilla\/TV5<\/em> \u2013 Dir. Baz &amp; Seb<\/p>\r\n\r\n\r\n\r\n<p>2016 \u2013 <strong>MY FATHER<\/strong> (Short film)<br \/><em>Pilaar<\/em> \u2013 Dir. Jean Malek<\/p>\r\n\r\n\r\n\r\n<p>2014 \u2013 <strong>AGBIGA\u00cbLLE <\/strong>(Short film)<br \/><em>Jean Malek\/A. Auray\/Travelling Distribution<\/em> \u2013 Dir. Jean Malek<\/p>\r\n\r\n\r\n\r\n<p>2014 \u2013 <strong>DU FEU POUR LE BONHOMME<\/strong> (Short film)<br \/><em>Chasseurs Films <\/em>\u2013 Dir. Mathieu Cyr<\/p>\r\n\r\n\r\n\r\n<p>2013 \u2013 <strong>LA CHIENNE<\/strong> (Short film)<br \/><em>La Gu\u00e9rilla<\/em> \u2013 Dir. Baz &amp; Seb<\/p>\r\n\r\n\r\n\r\n<p>2013 \u2013 <strong>UNE CONSTITUTION <\/strong>(Short film)<br \/><em>DTO Films<\/em> \u2013 Dir. Harold Beaulieu<\/p>\r\n\r\n\r\n<hr class=\"wp-block-separator has-alpha-channel-opacity\" \/>\r\n\r\n\r\n<h2 class=\"wp-block-heading\">Advertisement &amp; Music Videos<\/h2>\r\n\r\n\r\n\r\n<div class=\"wp-block-spacer\" style=\"height: 20px;\" aria-hidden=\"true\">\u00a0<\/div>\r\n\r\n\r\n\r\n<p>SPG has also worked on several advertisement campaigns, including for: Macy\u2019s BMO, Cup Noodles, Firefox\/Mozilla, Air Canada, Desjardins, SAAQ, De Facto, Activia, Egyptian Gulf Bank, Promutuel, Videotron, L\u2019Or\u00e9al, YouTube, Koodo, Virgin Radio, Drugfree.org, &amp; Kleenex. He also also worked on a number of music videos for: Ariane Moffatt, Galaxie, Bernard Adamus, Fjord, Dear Frederic, Sunju Hargun &amp; Forrest, &amp; Pierre Kwenders.<\/p>\r\n\r\n\r\n\r\n<p>&nbsp;<\/p>\r\n","protected":false},"featured_media":5159,"menu_order":0,"template":"","format":"standard","meta":{"_acf_changed":false,"footnotes":""},"cat-repertoire":[28],"class_list":["post-1308","repertoire","type-repertoire","status-publish","format-standard","has-post-thumbnail","hentry","cat-repertoire-director-of-photography"],"acf":[],"_links":{"self":[{"href":"https:\/\/omada.ca\/en\/wp-json\/wp\/v2\/repertoire\/1308","targetHints":{"allow":["GET"]}}],"collection":[{"href":"https:\/\/omada.ca\/en\/wp-json\/wp\/v2\/repertoire"}],"about":[{"href":"https:\/\/omada.ca\/en\/wp-json\/wp\/v2\/types\/repertoire"}],"version-history":[{"count":20,"href":"https:\/\/omada.ca\/en\/wp-json\/wp\/v2\/repertoire\/1308\/revisions"}],"predecessor-version":[{"id":5158,"href":"https:\/\/omada.ca\/en\/wp-json\/wp\/v2\/repertoire\/1308\/revisions\/5158"}],"wp:featuredmedia":[{"embeddable":true,"href":"https:\/\/omada.ca\/en\/wp-json\/wp\/v2\/media\/5159"}],"wp:attachment":[{"href":"https:\/\/omada.ca\/en\/wp-json\/wp\/v2\/media?parent=1308"}],"wp:term":[{"taxonomy":"cat-repertoire","embeddable":true,"href":"https:\/\/omada.ca\/en\/wp-json\/wp\/v2\/cat-repertoire?post=1308"}],"curies":[{"name":"wp","href":"https:\/\/api.w.org\/{rel}","templated":true}]}}