{"id":1219,"date":"2024-05-21T15:59:13","date_gmt":"2024-05-21T19:59:13","guid":{"rendered":"https:\/\/omada.ca\/repertoire\/pascal-lheureux\/"},"modified":"2026-02-22T13:54:42","modified_gmt":"2026-02-22T18:54:42","slug":"pascal-lheureux","status":"publish","type":"repertoire","link":"https:\/\/omada.ca\/en\/artists\/pascal-lheureux\/","title":{"rendered":"L&#8217;Heureux, Pascal"},"content":{"rendered":"\r\n<p style=\"font-size: 28px;\">Television<\/p>\r\n\r\n\r\n\r\n<p class=\"p1\">2026 &#8211; <b>QUI A ENTART\u00c9 LE MINISTRE?<\/b> (TV series)<br \/>10 x 30 min. \u2013 Director \u2013 <i>Trio Orange\/T\u00e9l\u00e9-Qu\u00e9bec<\/i><\/p>\r\n<p>2025 &#8211; <strong>BYE BYE 2025<\/strong>\u00a0(Variety comedy)<br \/>Co-director \u2013\u00a0<em>A m\u00e9dia\/SRC<\/em><\/p>\r\n<p>2025 &#8211; <strong>TEMPS DE CHIEN 3<\/strong>\u00a0(TV series)<br \/>12 x 30 min. &#8211; Director \u2013\u00a0<em>A m\u00e9dia\/SRC<\/em><\/p>\r\n\r\n\r\n\r\n<p>2024 &#8211; <strong>BYE BYE 2024<\/strong>\u00a0(Variety comedy)<br \/>Co-director \u2013\u00a0<em>A m\u00e9dia\/SRC<\/em><\/p>\r\n\r\n\r\n\r\n<p>2024 &#8211; <strong>QUI A POUSS\u00c9 M\u00c9LODIE?<\/strong>\u00a0(TV series)<br \/>10 x 30 min. \u2013 Director \u2013\u00a0<em>Trio Orange\/T\u00e9l\u00e9-Qu\u00e9bec<\/em><\/p>\r\n\r\n\r\n\r\n<p class=\"has-text-color has-link-color has-small-font-size wp-elements-c802400bf6f4fa91131617d01b7a3708\" style=\"color: #999999;\">Winner, Best Direction: Comedy or Comedy-Drama, G\u00e9meaux Awards 2025<\/p>\r\n\r\n\r\n\r\n<p>2024 &#8211; <strong>DISCUSSIONS AVEC MES PARENTS VII<\/strong>\u00a0(TV series)<br \/>2 x 30 min. \u2013 Director \u2013\u00a0<em>A M\u00e9dia\/SRC<\/em><\/p>\r\n\r\n\r\n\r\n<p>2024 &#8211; <strong>C\u00c9R\u00c9BRUM 3<\/strong>\u00a0(TV series)<br \/>Co-director \u2013 Sph\u00e8re M\u00e9dia\/SRC-Tou.TV<\/p>\r\n\r\n\r\n\r\n<p>2023 &#8211; <strong>BYE BYE 2023<\/strong>\u00a0(Variety comedy)<br \/>Co-director \u2013\u00a0<em>A m\u00e9dia\/SRC<\/em><\/p>\r\n\r\n\r\n\r\n<p class=\"has-text-color has-link-color has-small-font-size wp-elements-612e22595e59e19d59794f92d533122a\" style=\"color: #999999;\">Nomination, achievement in directing for a special or series: comedy, G\u00e9meaux Awards 2024<\/p>\r\n\r\n\r\n\r\n<p>2023 &#8211; <strong>UNE AFFAIRE CRIMINELLE II<\/strong>\u00a0(TV series)<br \/>8 x 60 min. \u2013 Director \u2013\u00a0<em>Sovimage<\/em><\/p>\r\n\r\n\r\n\r\n<p>2022 &#8211; <strong>LES BOMBES (GORGEOUS)<\/strong>\u00a0(TV series)<br \/>6 x 60 min. \u2013 Director \u2013\u00a0<em>Sovimage<\/em><\/p>\r\n\r\n\r\n\r\n<p class=\"has-text-color has-link-color has-small-font-size wp-elements-f66d9e53af3d9bd1dae5fcb956741bc6\" style=\"color: #999999;\">Winner, Best Comedy Series: Non-English Language, Rockie Awards, Banff 2024<br \/>Winner, Special Prize: Prix Francophone, Rockie Awards, Banff, 2024<br \/>Achievement for best\u00a0French-language foreign fiction, Festival de la fiction de La Rochelle, 2023<\/p>\r\n\r\n\r\n\r\n<p>2022 &#8211; <strong>BYE BYE 2022<\/strong>\u00a0(Variety comedy)<br \/>Co-director \u2013\u00a0<em>A m\u00e9dia\/SRC<\/em><\/p>\r\n\r\n\r\n\r\n<p class=\"has-text-color has-link-color has-small-font-size wp-elements-28baf5ed9dd3b8418644b3d8c0375d66\" style=\"color: #999999;\">Achievement in directing for a special or series: comedy, G\u00e9meaux Awards 2023<\/p>\r\n\r\n\r\n\r\n<p>2022 &#8211; <strong>DISCUSSIONS AVEC MES PARENTS V<\/strong>\u00a0(TV series)<br \/>13 x 30 min. \u2013 Director \u2013\u00a0<em>A M\u00e9dia\/SRC<\/em><\/p>\r\n\r\n\r\n\r\n<p>2021 &#8211; <strong>BYE BYE 2021<\/strong>\u00a0(Variety comedy)<br \/>Co-director \u2013\u00a0<em>A m\u00e9dia\/SRC<\/em><\/p>\r\n\r\n\r\n\r\n<p class=\"has-text-color has-link-color has-small-font-size wp-elements-3618039213d8cdd3e63ebef044cc9f30\" style=\"color: #999999;\">Achievement in directing: humour, G\u00e9meaux Awards 2022<\/p>\r\n\r\n\r\n\r\n<p>2021 &#8211; <strong>DISCUSSIONS AVEC MES PARENTS IV<\/strong>\u00a0(TV series)<br \/>13 x 30 min. \u2013 Directors \u2013\u00a0<em>A M\u00e9dia<\/em><\/p>\r\n\r\n\r\n\r\n<p>2020 &#8211; <strong>BYE BYE 2020<\/strong>\u00a0(Variety comedy)<br \/>Co-director \u2013\u00a0<em>A M\u00e9dia\/SRC<\/em><\/p>\r\n\r\n\r\n\r\n<p class=\"has-text-color has-link-color has-small-font-size wp-elements-09301ae3a921780f917178d82b22b42e\" style=\"color: #999999;\">Achievement in directing: humour, G\u00e9meaux Awards 2021<br \/>Zapette d\u2019Or, first prize for the skit\u00a0<em>Les Bougon en Gasp\u00e9sie<\/em><\/p>\r\n\r\n\r\n\r\n<p>2020 &#8211; <strong>L\u2019ORIGINE DE MES ESP\u00c8CES, LA GEN\u00c8SE<\/strong>\u00a0(Performing arts)<br \/>Co-director \u2013\u00a0<em>Productions d\u00e9ferlantes<\/em><\/p>\r\n\r\n\r\n\r\n<p class=\"has-text-color has-link-color has-small-font-size wp-elements-91f60886003a2faceddbbc40291f7357\" style=\"color: #999999;\">Achievement in directing: series or variety or performing arts special, G\u00e9meaux Awards 2021<\/p>\r\n\r\n\r\n\r\n<p>2020 &#8211; <strong>DISCUSSIONS AVEC MES PARENTS III<\/strong>\u00a0(TV series)<br \/>13 x 30 min. \u2013 Director \u2013\u00a0<em>A M\u00e9dia\/SRC<\/em><\/p>\r\n\r\n\r\n\r\n<p>2020 &#8211; <strong>J\u2019AIME HYDRO<\/strong>\u00a0(Captation\/documentary theatre)<br \/>Integral (150 min.), 5 episodes (30 min.) \u2013 Director \u2013\u00a0<em>Fair-Play\/TVA<\/em><\/p>\r\n\r\n\r\n\r\n<p>2019 &#8211; <strong>DISCUSSIONS AVEC MES PARENTS II<\/strong>\u00a0(TV series)<br \/>13 x 30 min. \u2013 Director \u2013\u00a0<em>A M\u00e9dia\/SRC<\/em><\/p>\r\n\r\n\r\n\r\n<p class=\"has-text-color has-link-color has-small-font-size wp-elements-d66e063da2084adcd0ec5ba0c78d311d\" style=\"color: #999999;\">Nomination, achievement in directing: comedy, G\u00e9meaux Awards 2020<\/p>\r\n\r\n\r\n\r\n<p>2018 &#8211; <strong>DISCUSSIONS AVEC MES PARENTS<\/strong>\u00a0(TV series)<br \/>13 x 30 min. \u2013 Director \u2013\u00a0<em>A M\u00e9dia\/SRC<\/em><\/p>\r\n\r\n\r\n\r\n<p class=\"has-text-color has-link-color has-small-font-size wp-elements-fe414b3b9f0abb84679ef62e64ef866c\" style=\"color: #999999;\">Nomination, audience award (favourite TV series), G\u00e9meaux Awards 2019<\/p>\r\n\r\n\r\n\r\n<p>2017 &#8211; <strong>LES P\u00caCHEURS V<\/strong>\u00a0(TV series)<br \/>13 x 30 min. \u2013 Director \u2013\u00a0<em>Juste Pour Rire TV\/SRC<\/em><\/p>\r\n\r\n\r\n\r\n<p class=\"has-text-color has-link-color has-small-font-size wp-elements-5fe83f294954637616d4031d1b284bf2\" style=\"color: #999999;\">Comedy series of the year, Gala Les Olivier 2018<br \/>Nomination, achievement in directing: comedy, G\u00e9meaux Awards 2018<\/p>\r\n\r\n\r\n\r\n<p>2016 &#8211; <strong>LES P\u00caCHEURS IV<\/strong>\u00a0(TV series)<br \/>13 x 30 min. \u2013 Director \u2013\u00a0<em>Juste Pour Rire TV\/SRC<\/em><\/p>\r\n\r\n\r\n\r\n<p class=\"has-text-color has-link-color has-small-font-size wp-elements-9185dbebd7109e4ce7a05975f1199f42\" style=\"color: #999999;\">Nomination, achievement in directing: comedy, G\u00e9meaux Awards 2017<\/p>\r\n\r\n\r\n\r\n<p>2014 &#8211; <strong>JUSTE POUR RIRE DE LONGUEUIL<\/strong>\u00a0(Variety comedy)<br \/>Director \u2013\u00a0<em>Juste Pour Rire TV\/TVA<\/em><\/p>\r\n\r\n\r\n\r\n<p>2013 &#8211; <strong>JUSTE POUR RIRE DE L\u2019ABITIBI<\/strong>\u00a0(Variety comedy)<br \/>Director \u2013\u00a0<em>Juste Pour Rire TV<\/em><\/p>\r\n\r\n\r\n\r\n<p>2013 &#8211; <strong>LES FRANCS-TIREURS<\/strong>\u00a0(Magazine)<br \/>4 episodes \u2013 Director \u2013\u00a0<em>Zone 3\/T\u00e9l\u00e9-Qu\u00e9bec<\/em><\/p>\r\n\r\n\r\n\r\n<p>2012 &#8211; <strong>JUSTE POUR RIRE DU SAGUENAY<\/strong>\u00a0(Variety comedy) <br \/>Director \u2013\u00a0<em>Juste Pour Rire TV<\/em><\/p>\r\n\r\n\r\n\r\n<p>2012 &#8211; <strong>CASA NOVA<\/strong>\u00a0(Magazine)<br \/>Director \u2013\u00a0<em>Blimp TV\/Ici Explora<\/em><\/p>\r\n\r\n\r\n\r\n<p>2011 &#8211; <strong>LE SEXE AUTOUR DU MONDE:<\/strong> <strong>INDON\u00c9SIE, VIETNAM &amp; ISRAEL<\/strong><br \/>(Documentary series) &#8211; 3 episodes \u2013 Director \u2013\u00a0<em>Jean Roy\/TV5<\/em><\/p>\r\n\r\n\r\n\r\n<p>2010-2009 &#8211; <strong>AU NOM DU SPORT<\/strong>\u00a0(Documentary series)<br \/>12 episodes \u2013 Director \u2013\u00a0<em>T\u00e9l\u00e9-Qu\u00e9bec<\/em><\/p>\r\n\r\n\r\n\r\n<p>2008 &#8211; <strong>FAIS \u00c7A COURT!<\/strong>\u00a0(Magazine)<br \/>12 episodes \u2013 Director \u2013\u00a0<em>T\u00e9l\u00e9-Qu\u00e9bec<\/em><\/p>\r\n\r\n\r\n\r\n<p>2008-2006 &#8211; <strong>SUCR\u00c9 SAL\u00c9<\/strong>\u00a0(Magazine)<br \/>30 episodes \u2013 Director \u2013<em>\u00a0TVA<\/em><\/p>\r\n\r\n\r\n\r\n<p>2007-2004 &#8211; <strong>STAR SYST\u00c8ME<\/strong>\u00a0(Magazine)<br \/>140 clips \u2013 Director \u2013\u00a0<em>TVA<\/em><\/p>\r\n\r\n\r\n\r\n<p>2004-1999 &#8211; <strong>LE GROULX LUXE, DOLLARACLIP &amp; INFOPLUS<\/strong>\u00a0(Variety)<br \/>Cameraman, studio camera (captation), freelancer \u2013\u00a0<em>Musique Plus\/Musimax<\/em><\/p>\r\n\r\n\r\n\r\n<p>2003 &#8211; <strong>LA POUDRE D\u2019ESCAMPETTE<\/strong>\u00a0(Magazine)<br \/>Cameraman AVL, freelancer \u2013\u00a0<em>T\u00e9l\u00e9-Qu\u00e9bec<\/em><\/p>\r\n\r\n\r\n\r\n<p>&nbsp;<\/p>\r\n\r\n\r\n<hr class=\"wp-block-separator has-alpha-channel-opacity\" \/>\r\n\r\n\r\n<p style=\"font-size: 28px;\">Feature films<\/p>\r\n\r\n\r\n\r\n<p>2013 &#8211; <strong>FINISSANT(E)S<\/strong>\u00a0\u2013 Cinematographer<br \/><em>Estfilmindustri\u00a0<\/em>\u2013 Dir. Rafa\u00ebl Ouellet<\/p>\r\n\r\n\r\n\r\n<p>2007 &#8211; <strong>DERRI\u00c8RE-MOI<\/strong>\u00a0\u2013 Cinematographer<br \/><em>Estfilmindustri\/Les Films S\u00e9ville<\/em>\u00a0\u2013 Dir. Rafa\u00ebl Ouellet<\/p>\r\n\r\n\r\n\r\n<p>&nbsp;<\/p>\r\n\r\n\r\n<hr class=\"wp-block-separator has-alpha-channel-opacity\" \/>\r\n\r\n\r\n<p style=\"font-size: 28px;\">Short films<\/p>\r\n\r\n\r\n\r\n<p>2015 &#8211; <strong>FICTIONS GALAS JUSTE POUR RIRE 2015:<\/strong><br \/><strong>LES 7 P\u00c9CH\u00c9S CAPITAUX<\/strong>\u00a0\u2013 Director \u2013\u00a0<em>TVA<\/em><\/p>\r\n\r\n\r\n\r\n<p>2014 &#8211; <strong>FICTIONS GALAS JUSTE POUR RIRE 2014:<\/strong><br \/><strong>LES T\u00caTES DE TURC DES QU\u00c9B\u00c9COIS<\/strong>\u00a0\u2013 Director \u2013\u00a0<em>TVA<\/em><\/p>\r\n\r\n\r\n\r\n<p>2013 &#8211; <strong>FICTIONS GALAS JUSTE POUR RIRE 2013:<\/strong><br \/><strong>LES OBSESSIONS DES QU\u00c9B\u00c9COIS<\/strong>\u00a0\u2013 Director \u2013\u00a0<em>TVA<\/em><\/p>\r\n\r\n\r\n\r\n<p>&nbsp;<\/p>\r\n\r\n\r\n<hr class=\"wp-block-separator has-alpha-channel-opacity\" \/>\r\n\r\n\r\n<p style=\"font-size: 28px;\">Others<\/p>\r\n\r\n\r\n\r\n<p>2024 &#8211; <strong>SIMON LEBLANC: D\u00c9J\u00c0<\/strong>\u00a0(Captation)<br \/>Integral (95 min.), 2 episodes (45 min.) \u2013 Director \u2013\u00a0<em>Phaneuf T\u00e9l\u00e9vision\/TVA<\/em><\/p>\r\n\r\n\r\n\r\n<p>2020 &#8211; <strong>SIMON LEBLANC: MALADE<\/strong>\u00a0(Captation)<br \/>Integral (95 min.), 2 episodes (45 min.) \u2013 Director \u2013\u00a0<em>Phaneuf T\u00e9l\u00e9vision\/TVA<\/em><\/p>\r\n\r\n\r\n\r\n<p>2018 &#8211; <strong>SIMON LEBLANC: TOUT COURT<\/strong>\u00a0(Captation)<br \/>Integral (100 min.), 2 episodes (45 min.) \u2013 Director \u2013\u00a0<em>Phaneuf T\u00e9l\u00e9vision\/TVA<\/em><\/p>\r\n\r\n\r\n\r\n<p>2013 &#8211; <strong>PATRICK GROULX, JOB: HUMORISTE<\/strong>\u00a0(Captation)<br \/>Director \u2013<em>\u00a0TVA<\/em><\/p>\r\n\r\n\r\n\r\n<p>2009 &#8211; <strong>PORTRAIT DES ATHL\u00c8TES OLYMPIQUES<\/strong>\u00a0\u2013 Cinematographer<br \/><em>Jeux Olympiques de Vancouver\/RDS<\/em><\/p>\r\n\r\n\r\n\r\n<p>2009 &#8211; <strong>CAMPAGNE ENTRAIDE 2009<\/strong>\u00a0(Fiction tale with Fred Pellerin)<br \/>Cinematographer \u2013\u00a0<em>Gouvernement du Qu\u00e9bec<\/em><\/p>\r\n","protected":false},"featured_media":2636,"menu_order":0,"template":"","format":"standard","meta":{"_acf_changed":false,"footnotes":""},"cat-repertoire":[24],"class_list":["post-1219","repertoire","type-repertoire","status-publish","format-standard","has-post-thumbnail","hentry","cat-repertoire-director"],"acf":[],"_links":{"self":[{"href":"https:\/\/omada.ca\/en\/wp-json\/wp\/v2\/repertoire\/1219","targetHints":{"allow":["GET"]}}],"collection":[{"href":"https:\/\/omada.ca\/en\/wp-json\/wp\/v2\/repertoire"}],"about":[{"href":"https:\/\/omada.ca\/en\/wp-json\/wp\/v2\/types\/repertoire"}],"version-history":[{"count":34,"href":"https:\/\/omada.ca\/en\/wp-json\/wp\/v2\/repertoire\/1219\/revisions"}],"predecessor-version":[{"id":4994,"href":"https:\/\/omada.ca\/en\/wp-json\/wp\/v2\/repertoire\/1219\/revisions\/4994"}],"wp:featuredmedia":[{"embeddable":true,"href":"https:\/\/omada.ca\/en\/wp-json\/wp\/v2\/media\/2636"}],"wp:attachment":[{"href":"https:\/\/omada.ca\/en\/wp-json\/wp\/v2\/media?parent=1219"}],"wp:term":[{"taxonomy":"cat-repertoire","embeddable":true,"href":"https:\/\/omada.ca\/en\/wp-json\/wp\/v2\/cat-repertoire?post=1219"}],"curies":[{"name":"wp","href":"https:\/\/api.w.org\/{rel}","templated":true}]}}